{"id":1420,"date":"2018-09-17T18:34:40","date_gmt":"2018-09-17T16:34:40","guid":{"rendered":"https:\/\/triesteflute.it\/trieste-flute-festival\/"},"modified":"2025-10-31T14:40:02","modified_gmt":"2025-10-31T13:40:02","slug":"trieste-flute-festival","status":"publish","type":"page","link":"https:\/\/triesteflute.it\/en\/trieste-flute-festival\/","title":{"rendered":"Trieste Flute Festival 2018"},"content":{"rendered":"<p>[et_pb_section bb_built=&#8221;1&#8243; fullwidth=&#8221;on&#8221; specialty=&#8221;off&#8221; next_background_color=&#8221;#ffffff&#8221; _builder_version=&#8221;3.3.1&#8243; use_background_color_gradient=&#8221;on&#8221; background_color_gradient_end=&#8221;#0096cc&#8221; background_color_gradient_type=&#8221;radial&#8221; background_color_gradient_start=&#8221;#ffffff&#8221; background_color_gradient_end_position=&#8221;90%&#8221; bottom_divider_style=&#8221;wave2&#8243; custom_padding_last_edited=&#8221;on|phone&#8221; custom_padding=&#8221;||100px|&#8221; custom_padding_tablet=&#8221;150px||100px|&#8221; custom_margin_last_edited=&#8221;off|&#8221; custom_padding_phone=&#8221;120px||100px|&#8221;][et_pb_fullwidth_header _builder_version=&#8221;3.15&#8243; title=&#8221;Trieste Flute Festival&#8221; button_one_text=&#8221;Concert Tour&#8221; button_one_url=&#8221;#itineranti&#8221; logo_image_url=&#8221;https:\/\/triesteflute.it\/wp-content\/uploads\/2018\/05\/logo2000_800.png&#8221; text_orientation=&#8221;center&#8221; header_fullscreen=&#8221;on&#8221; background_color=&#8221;rgba(255,215,0,0)&#8221; background_layout=&#8221;light&#8221; title_font_size=&#8221;40px&#8221; title_font_size_tablet=&#8221;30&#8243; title_font_size_last_edited=&#8221;on|phone&#8221; content_font=&#8221;|800|||||||&#8221; subhead_font=&#8221;|700|||||||&#8221; subhead_font_size=&#8221;20px&#8221; content_font_size=&#8221;20px&#8221; content_font_size_tablet=&#8221;18px&#8221; content_font_size_phone=&#8221;14px&#8221; content_font_size_last_edited=&#8221;on|phone&#8221; subhead_text_color=&#8221;#000000&#8243; content_text_color=&#8221;#000000&#8243; custom_button_two=&#8221;on&#8221; button_two_bg_color=&#8221;#2b2a29&#8243; button_two_font=&#8221;|||on|||||&#8221; button_two_icon=&#8221;%%1%%&#8221; custom_button_one=&#8221;on&#8221; button_one_bg_color=&#8221;#ffd700&#8243; button_one_icon=&#8221;%%1%%&#8221; button_one_font=&#8221;|||on|||||&#8221; custom_margin=&#8221;0px|||&#8221; custom_padding=&#8221;0px|||&#8221; module_id=&#8221;top&#8221; button_two_text_color=&#8221;#1cbbee&#8221; button_two_text_color_hover=&#8221;#000000&#8243; button_two_bg_color_hover=&#8221;#1cbbee&#8221; box_shadow_style_button_two=&#8221;preset3&#8243; custom_margin_last_edited=&#8221;on|phone&#8221; scroll_down_icon_color=&#8221;#000000&#8243; button_two_text=&#8221;schedule in trieste&#8221; button_two_url=&#8221;#TFF&#8221; \/][\/et_pb_section][et_pb_section bb_built=&#8221;1&#8243; specialty=&#8221;off&#8221; prev_background_color=&#8221;#000000&#8243; next_background_color=&#8221;#000000&#8243; _builder_version=&#8221;3.11.1&#8243; max_width=&#8221;80%&#8221; module_alignment=&#8221;center&#8221;][et_pb_row _builder_version=&#8221;3.11.1&#8243; module_alignment=&#8221;center&#8221; make_equal=&#8221;on&#8221;][et_pb_column type=&#8221;1_3&#8243;][et_pb_image admin_label=&#8221;logo FVG&#8221; _builder_version=&#8221;3.11.1&#8243; src=&#8221;https:\/\/triesteflute.it\/wp-content\/uploads\/2018\/05\/logoFVGtrasp.png&#8221; url=&#8221;http:\/\/www.regione.fvg.it\/&#8221; url_new_window=&#8221;on&#8221; align=&#8221;center&#8221; alt=&#8221;Regione Autonoma Friuli Venezia Giulia&#8221; title_text=&#8221;Regione Autonoma Friuli Venezia Giulia&#8221; saved_tabs=&#8221;all&#8221; global_module=&#8221;1017&#8243; \/][\/et_pb_column][et_pb_column type=&#8221;1_3&#8243;][et_pb_image admin_label=&#8221;logo Barcolana&#8221; _builder_version=&#8221;3.11.1&#8243; src=&#8221;https:\/\/triesteflute.it\/wp-content\/uploads\/2018\/08\/barcolana.png&#8221; url=&#8221;http:\/\/www.barcolana.it\/&#8221; url_new_window=&#8221;on&#8221; align=&#8221;center&#8221; alt=&#8221;Barcolana&#8221; title_text=&#8221;Barcolana&#8221; saved_tabs=&#8221;all&#8221; global_module=&#8221;1020&#8243; \/][\/et_pb_column][et_pb_column type=&#8221;1_3&#8243;][et_pb_image admin_label=&#8221;logo Trieste Flute&#8221; _builder_version=&#8221;3.11.1&#8243; src=&#8221;https:\/\/triesteflute.it\/wp-content\/uploads\/2018\/04\/logo96.png&#8221; url=&#8221;https:\/\/triesteflute.it\/trieste-flute\/&#8221; align=&#8221;center&#8221; alt=&#8221;Trieste Flute&#8221; title_text=&#8221;BarcolanaTrieste Flute&#8221; saved_tabs=&#8221;all&#8221; global_module=&#8221;1021&#8243; \/][\/et_pb_column][\/et_pb_row][et_pb_row][et_pb_column type=&#8221;4_4&#8243;][et_pb_blurb admin_label=&#8221;Blur Flyer&#8221; _builder_version=&#8221;3.15&#8243; title=&#8221;Leaflet (in Italian)&#8221; url_new_window=&#8221;on&#8221; image=&#8221;https:\/\/triesteflute.it\/wp-content\/uploads\/2018\/09\/pieghevole-copertina.jpg&#8221; text_orientation=&#8221;center&#8221; url=&#8221;https:\/\/triesteflute.it\/wp-content\/uploads\/2018\/09\/Pieghevole.pdf&#8221; box_shadow_style_image=&#8221;preset2&#8243;]<\/p>\n<p><a href=\"https:\/\/triesteflute.it\/wp-content\/uploads\/2018\/09\/Pieghevole.pdf\" target=\"_blank\" rel=\"noopener\">download pdf<\/a><\/p>\n<p>[\/et_pb_blurb][\/et_pb_column][\/et_pb_row][\/et_pb_section][et_pb_section bb_built=&#8221;1&#8243; specialty=&#8221;off&#8221; prev_background_color=&#8221;#000000&#8243; next_background_color=&#8221;#000000&#8243; _builder_version=&#8221;3.15&#8243; max_width_last_edited=&#8221;on|desktop&#8221; module_alignment=&#8221;center&#8221; max_width=&#8221;60%&#8221; max_width_tablet=&#8221;100%&#8221; module_id=&#8221;itineranti&#8221;][et_pb_row _builder_version=&#8221;3.15&#8243; module_alignment=&#8221;center&#8221;][et_pb_column type=&#8221;4_4&#8243;][et_pb_text admin_label=&#8221;Concerti itineranti del Trieste Flute Ensemble&#8221; _builder_version=&#8221;3.15&#8243; text_orientation=&#8221;center&#8221; ul_text_align=&#8221;center&#8221; header_text_align=&#8221;center&#8221; ul_position=&#8221;inside&#8221;]<\/p>\n<h2>Trieste Flute Ensemble Concert Tour<\/h2>\n<p><strong>SATURDAY 8th SEPTEMBER<\/strong> 18.00<br \/>\nVILLA MARCELLO ZON \u2013 PREGANZIOL (TREVISO)<br \/>\nIn collaboration with Accademia G. Verdi di Venezia<\/p>\n<p>\t<strong>THURSDAY 27th SEPTEMBER<\/strong> 20.45<br \/>\n\tCENTRO CIVICO DI TAVAGNACCO (UD)<br \/>\n            Via della Madonnina, 1<br \/>\n\tIn collaboration with Comune di Tavagnacco, Fondazione Bon e Pro Loco.<\/p>\n<p>\t<strong>FRIDAY 28th SEPTEMBER<\/strong> 20.45<br \/>\n\tISTITUTO VIVALDI \u2013 MONFALCONE (GO)<br \/>\n\tVia Galileo Galilei, 93<br \/>\nIn collaboration with Istituto di musica Vivaldi<\/p>\n<p><strong>SATURDAY 29th SEPTEMBER<\/strong> 18.30<br \/>\n\tTEATRO ARRIGONI \u2013 S. VITO AL TAGLIAMENTO (PN)<br \/>\n\tPiazza Del Popolo, 13<br \/>\nIn collaboration with Comune di San Vito al Tagliamento e Anmil Pordenone.<\/p>\n<p><strong>MONDAY 1st OCTOBER<\/strong> 20.45<br \/>\nCASA DELLA MUSICA \u2013 TRIESTE<br \/>\nVia dei Capitelli, 3<br \/>\nIn collaboration with Scuola di Musica 55 <\/p>\n<p><strong>WEDNESDAY 3rd OCTOBER<\/strong> 18.30<br \/>\n\tGLASBENA \u0160OLA \u2013 SE\u017dANA (Slovenia)<br \/>\n\tKosovelova 4b<br \/>\nIn collaboration with Scuola di Musica di Se\u017eana<\/p>\n<p>[\/et_pb_text][\/et_pb_column][\/et_pb_row][\/et_pb_section][et_pb_section bb_built=&#8221;1&#8243; specialty=&#8221;off&#8221; prev_background_color=&#8221;#000000&#8243; next_background_color=&#8221;#000000&#8243; _builder_version=&#8221;3.15&#8243; max_width_last_edited=&#8221;off|phone&#8221; module_alignment=&#8221;center&#8221;][et_pb_row _builder_version=&#8221;3.15&#8243; module_alignment=&#8221;center&#8221; module_id=&#8221;TFF&#8221;][et_pb_column type=&#8221;4_4&#8243;][et_pb_text admin_label=&#8221;Trieste Flute Festival&#8221; _builder_version=&#8221;3.15&#8243; text_orientation=&#8221;center&#8221; ul_text_align=&#8221;center&#8221; header_text_align=&#8221;center&#8221; ul_position=&#8221;inside&#8221; ul_font=&#8221;|||on|||||&#8221; ul_line_height=&#8221;2em&#8221; ul_type=&#8221;none&#8221; header_2_text_color=&#8221;#0096cc&#8221; header_2_font_size=&#8221;40px&#8221;]<\/p>\n<p><img loading=\"lazy\" decoding=\"async\" src=\"https:\/\/triesteflute.it\/wp-content\/uploads\/2018\/04\/logo96.png\" alt=\"Trieste Flute Association\" width=\"92\" height=\"95\" class=\"alignnone size-full wp-image-112\"><\/p>\n<h2>Trieste Flute Festival<\/h2>\n<h3>Performances, guided visits, conferences, masterclasses, concerts for musicians and fans<\/h3>\n<p>Free entry to all events up until places are exhausted.<br \/>\nEnrolment deadline for masterclasses is the 30th September (for info <a href=\"mailto:masterclass@triesteflute.it\">masterclass@triesteflute.it<\/a>)<\/p>\n<p>[\/et_pb_text][et_pb_text admin_label=&#8221;Trieste Flute Festival &#8211; elenco link&#8221; _builder_version=&#8221;3.15&#8243; text_orientation=&#8221;center&#8221; ul_text_align=&#8221;center&#8221; header_text_align=&#8221;center&#8221; ul_position=&#8221;inside&#8221; ul_font=&#8221;|||on|||||&#8221; ul_line_height=&#8221;2em&#8221; ul_type=&#8221;none&#8221; header_2_text_color=&#8221;#0096cc&#8221; header_2_font_size=&#8221;40px&#8221;]<\/p>\n<ul>\n<li><a href=\"#giovedi\">Thursday 4th October<\/a><\/li>\n<li><a href=\"#venerdi\">Friday 5th October<\/a><\/li>\n<li><a href=\"#sabato\">Saturday 6th October<\/a><\/li>\n<li><a href=\"#masterclass\">Saturday 6th October &#8211; master classes<\/a><\/li>\n<li><a href=\"#domenica\">domenica 7 ottobre<\/a><\/li>\n<\/ul>\n<p>[\/et_pb_text][\/et_pb_column][\/et_pb_row][\/et_pb_section][et_pb_section bb_built=&#8221;1&#8243; specialty=&#8221;off&#8221; prev_background_color=&#8221;#000000&#8243; next_background_color=&#8221;#000000&#8243; _builder_version=&#8221;3.15&#8243; max_width_last_edited=&#8221;off|phone&#8221; module_alignment=&#8221;center&#8221;][et_pb_row _builder_version=&#8221;3.15&#8243; module_alignment=&#8221;center&#8221;][et_pb_column type=&#8221;4_4&#8243;][et_pb_text admin_label=&#8221;Gioved\u00ec 4 ottobre&#8221; _builder_version=&#8221;3.15&#8243; module_id=&#8221;giovedi&#8221; text_orientation=&#8221;center&#8221;]<\/p>\n<h3>Thursday 4th October<\/h3>\n<p><strong>CIVICO MUSEO TEATRALE SCHMIDL<\/strong><br \/>\nvia Rossini n. 4 (entrance 1 euro)<\/p>\n<p>Guided visits every hour: first visit at 10.00, last visit at 15.00<\/p>\n<p>16.00 CONFERENCE ON \u201cTHE HISTORY OF THE FLUTE\u201d, lecturer <strong>Giorgio Blasco<\/strong><br \/>\nRecital by flautist&nbsp; <strong>Sofia Alekseeva<\/strong> (Russia)<\/p>\n<p>[\/et_pb_text][\/et_pb_column][\/et_pb_row][\/et_pb_section][et_pb_section bb_built=&#8221;1&#8243; specialty=&#8221;off&#8221; prev_background_color=&#8221;#000000&#8243; next_background_color=&#8221;#000000&#8243; _builder_version=&#8221;3.15&#8243; max_width_last_edited=&#8221;off|phone&#8221; module_alignment=&#8221;center&#8221;][et_pb_row _builder_version=&#8221;3.15&#8243; module_alignment=&#8221;center&#8221;][et_pb_column type=&#8221;4_4&#8243;][et_pb_text admin_label=&#8221;Venerd\u00ec 5 ottobre&#8221; _builder_version=&#8221;3.15&#8243; module_id=&#8221;venerdi&#8221; text_orientation=&#8221;center&#8221;]<\/p>\n<h3>Friday 5th October<\/h3>\n<p><strong>CIVICO MUSEO TEATRALE SCHMIDL<\/strong><br \/>\nvia Rossini n. 4 (entrance 1 euro)<\/p>\n<p>Guided visits every hour: first visit at 10.00, last visit at 16.00<\/p>\n<p>17.00 Flute concert<br \/>\n<strong>Horacio Parravicini<\/strong> (Principle flute at Orchestra Sinfonica di Bilbao, Spain)<br \/>\n<strong>Giorgio Di Giorgi<\/strong> (Principle flute at Orchestra Teatro G. Verdi, Trieste, Italy)<br \/>\nOn piano <strong>Sara Radin<\/strong> (Italy); introduction held by Maestro <strong>Giorgio Blasco<\/strong><\/p>\n<p>[\/et_pb_text][\/et_pb_column][\/et_pb_row][\/et_pb_section][et_pb_section bb_built=&#8221;1&#8243; specialty=&#8221;off&#8221; prev_background_color=&#8221;#000000&#8243; next_background_color=&#8221;#000000&#8243; _builder_version=&#8221;3.15&#8243; max_width_last_edited=&#8221;off|phone&#8221; module_alignment=&#8221;center&#8221;][et_pb_row _builder_version=&#8221;3.15&#8243; module_alignment=&#8221;center&#8221;][et_pb_column type=&#8221;4_4&#8243;][et_pb_text admin_label=&#8221;Sabato 6 ottobre&#8221; _builder_version=&#8221;3.15&#8243; module_id=&#8221;sabato&#8221; text_orientation=&#8221;center&#8221;]<\/p>\n<h3>Saturday 6th October<\/h3>\n<p><strong>CIVICO MUSEO TEATRALE SCHMIDL<\/strong><br \/>\nvia Rossini n. 4 (entrance 1 euro)<\/p>\n<p>Guided visits every hour: first visit at 10.00, last visit at 16.00<\/p>\n<p><strong>LICEO MUSICALE CARDUCCI<\/strong><br \/>\nVia Corsi n.1<\/p>\n<p>15.00 Concert by Rete Regionale Flauti Toscana<\/p>\n<p><strong>AULA MAGNA LICEO DANTE<\/strong><br \/>\nVia Giustiniano n. 3<\/p>\n<p>20.00 Flute concert<br \/>\n<strong>Luca Bellini<\/strong> (principle flute soloist at Orchestra della Polizia, Italy)<br \/>\n<strong>Massimiliano Ferrara<\/strong> (principle flute soloist at Orchestra dei Carabinieri, Italy)<br \/>\n<strong>Monica Finco<\/strong> (soloist and teacher at the Conservatorio di Venezia, Italy)<br \/>\n<strong>Giovanni Mugnuolo<\/strong> (soloist and teacher at the Conservatorio di Castelfranco Veneto, Italy)<br \/>\n<strong>Charina Quintana<\/strong> (soloist and teacher at the Conservatorio di Las Palmas, Spain)<br \/>\n<strong>Matej Zupan<\/strong> (soloist and teacher at the Accademia di Lubiana, Slovenia)<br \/>\nOn Piano <strong>Silvia Barbieri<\/strong> (Italy)<\/p>\n<p>[\/et_pb_text][\/et_pb_column][\/et_pb_row][\/et_pb_section][et_pb_section bb_built=&#8221;1&#8243; specialty=&#8221;off&#8221; prev_background_color=&#8221;#000000&#8243; next_background_color=&#8221;#000000&#8243; _builder_version=&#8221;3.15&#8243; max_width_last_edited=&#8221;off|phone&#8221; module_alignment=&#8221;center&#8221;][et_pb_row _builder_version=&#8221;3.15&#8243; module_alignment=&#8221;center&#8221;][et_pb_column type=&#8221;4_4&#8243;][et_pb_text admin_label=&#8221;Sabato 6 ottobre master class&#8221; _builder_version=&#8221;3.15&#8243; module_id=&#8221;masterclass&#8221; text_orientation=&#8221;center&#8221;]<\/p>\n<h2>Master classes<\/h2>\n<h3>Saturday 6th October<\/h3>\n<p><strong>LICEO MUSICALE CARDUCCI<\/strong><br \/>\nVia Corsi n. 1<\/p>\n<p>Morning, 10.00-13.00:<br \/>\n<strong><a href=\"#parravicini\">Horacio Parravicini<\/a><\/strong> (Spain) &#8211; Solo and orchestral repertory<br \/>\n<strong><a href=\"#quintana\">Charina Quintana<\/a><\/strong> (Spain) &#8211; Circular breathing \u2013 workshop<br \/>\n<strong><a href=\"#seri\">Francesca Seri<\/a><\/strong> (Italy) &#8211; Flute ensemble<br \/>\n<strong><a href=\"#zupan\">Matej Zupan<\/a><\/strong> (Slovenia) \u2013 Solo and orchestral repertory<\/p>\n<p>Afternoon, 16.00-19.00:<br \/>\n<strong><a href=\"#bellini\">Luca Bellini<\/a><\/strong> (Italy) &#8211; New techniques for studying the flute<br \/>\n<strong><a href=\"#ferrara\">Massimiliano Ferrara<\/a><\/strong> (Italy) \u2013 Piccolo flute: Ensemble technique &amp; repertory<br \/>\n<strong><a href=\"#finco\">Monica Finco<\/a><\/strong> (Italy) &#8211; Solo and orchestral repertory<\/p>\n<p>[\/et_pb_text][\/et_pb_column][\/et_pb_row][et_pb_row _builder_version=&#8221;3.15&#8243; module_alignment=&#8221;center&#8221;][et_pb_column type=&#8221;1_3&#8243;][et_pb_team_member admin_label=&#8221;Luca Bellini&#8221; _builder_version=&#8221;3.15&#8243; text_orientation=&#8221;center&#8221; name=&#8221;Luca Bellini&#8221; position=&#8221;New techniques for studying the flute&#8221; image_url=&#8221;https:\/\/triesteflute.it\/wp-content\/uploads\/2018\/09\/Luca-Bellini.jpg&#8221; module_id=&#8221;bellini&#8221;]<\/p>\n<p>Since 2008 he has been the Principle Flautist of the Banda Musicale della Polizia di Stato. He has been the Flute Soloist for Ensemble Algoritmo, specialised in contemporary music, and has been the winner of numerous international awards. He is a Briccialdi Flutes artist.<\/p>\n<p>[\/et_pb_team_member][et_pb_team_member admin_label=&#8221;Massimiliano Ferrara&#8221; _builder_version=&#8221;3.15&#8243; text_orientation=&#8221;center&#8221; name=&#8221;Massimiliano Ferrara&#8221; position=&#8221;Piccolo Flute: Ensemble technique and repertory&#8221; image_url=&#8221;https:\/\/triesteflute.it\/wp-content\/uploads\/2018\/09\/Massimiliano-Ferrara.jpg&#8221; module_id=&#8221;ferrara&#8221;]<\/p>\n<p>Winner of awards and recognitions, he carries out intense activity as a soloist and teacher. He collaborates with Conservatorio Santa Cecilia in Rome in the teaching of the Piccolo flute and Elements of Flute Repair and Maintenance. He is principle flute and Piccolo Soloist at the Fanfara dei Carabinieri di Roma.<br \/>\n<a href=\"http:\/\/www.circuitomusica.it\/\" rel=\"noopener\" target=\"_blank\">www.circuitomusica.it<\/a><br \/>\nPagina Flute Repaire: La Clinica del Flauto<\/p>\n<p>[\/et_pb_team_member][et_pb_team_member admin_label=&#8221;Monica Finco&#8221; _builder_version=&#8221;3.15&#8243; text_orientation=&#8221;center&#8221; name=&#8221;Monica Finco&#8221; position=&#8221;Solo and orchestral repertory&#8221; facebook_url=&#8221;https:\/\/www.facebook.com\/monica.finco&#8221; image_url=&#8221;https:\/\/triesteflute.it\/wp-content\/uploads\/2018\/09\/Monica-Finco.jpg&#8221; module_id=&#8221;finco&#8221;]<\/p>\n<p>Monica Finco teaches at the Benedetto Marcello Conservatory of Music in Venice. As an international artist, she performs concerts and masterclasses. She records for Da vinci Classics. She is a Flauti Briccialdi Italia artist and LefreQue sound-bridge italian artist and friend.<\/p>\n<p>[\/et_pb_team_member][\/et_pb_column][et_pb_column type=&#8221;1_3&#8243;][et_pb_team_member admin_label=&#8221;Horacio Parravicini&#8221; _builder_version=&#8221;3.15&#8243; name=&#8221;Horacio Parravicini&#8221; position=&#8221;Solo and orchestral repertory&#8221; text_orientation=&#8221;center&#8221; image_url=&#8221;https:\/\/triesteflute.it\/wp-content\/uploads\/2018\/09\/Horacio-Parravicini.jpg&#8221; module_id=&#8221;parravicini&#8221;]<\/p>\n<p>He began his professional career in Buenos Aires; he is currently principle soloist of the Bilbao symphony orchestra. He carries out intense chamber and concert activities, also as an interpreter of the flute, and holds master classes in Europe and America. He is one of the founders of the Caballeros del Traverso.<br \/>\n<a href=\"https:\/\/horacioparravicini.com\/\" rel=\"noopener\" target=\"_blank\">horacioparravicini.com<\/a><br \/>\n<a href=\"https:\/\/caballerosdeltraverso.es\/horacio-parravicini\/\" rel=\"noopener\" target=\"_blank\">caballerosdeltraverso.es\/horacio-parravicini\/<\/a><\/p>\n<p>[\/et_pb_team_member][et_pb_team_member admin_label=&#8221;Charina Quintana&#8221; _builder_version=&#8221;3.15&#8243; name=&#8221;Charina Quintana&#8221; position=&#8221;Circular breathing&#8221; facebook_url=&#8221;https:\/\/www.facebook.com\/charina.quintanaperez&#8221; text_orientation=&#8221;center&#8221; image_url=&#8221;https:\/\/triesteflute.it\/wp-content\/uploads\/2018\/09\/Charina-Quintana.jpg&#8221; module_id=&#8221;quintana&#8221;]<\/p>\n<p>Lecturer at the Conservatorio Superiore delle Canarie, she carries out intense chamber and concert activities, as well as Masterclasses and Specialisation Courses on the technique of circular breathing for the flute.\u00a0She is the artistic director of the FlauTeam Festival of Gran Canaria.<\/p>\n<p>[\/et_pb_team_member][\/et_pb_column][et_pb_column type=&#8221;1_3&#8243;][et_pb_team_member admin_label=&#8221;Francesca Seri&#8221; _builder_version=&#8221;3.15&#8243; name=&#8221;Francesca Seri&#8221; position=&#8221;Flute ensemble&#8221; facebook_url=&#8221;https:\/\/www.facebook.com\/francesca.seri.39&#8243; image_url=&#8221;https:\/\/triesteflute.it\/wp-content\/uploads\/2018\/09\/Francesca-Seri.jpg&#8221; text_orientation=&#8221;center&#8221; module_id=&#8221;seri&#8221;]<\/p>\n<p>Venetian flutist, great-grandnephew of Maestro Giuseppe Verdi, she carries out chamber concert activities as well as being a great teacher, especially in the field of flutist ensembles. She is President of the &#8220;G. Verdi&#8221; Academy of Venice.<br \/>\n<a href=\"http:\/\/www.scuoladimusicagiuseppeverdi.it\/\" rel=\"noopener\" target=\"_blank\">www.scuoladimusicagiuseppeverdi.it<\/a><\/p>\n<p>[\/et_pb_team_member][et_pb_team_member admin_label=&#8221;Matej Zupan&#8221; _builder_version=&#8221;3.15&#8243; text_orientation=&#8221;center&#8221; name=&#8221;Matej Zupan&#8221; position=&#8221;Solo and orchestral repertory&#8221; image_url=&#8221;https:\/\/triesteflute.it\/wp-content\/uploads\/2018\/09\/Matej-Zupan.jpg&#8221; module_id=&#8221;zupan&#8221;]<\/p>\n<p>Professor at the Academy of Music of the University of Ljubljana (Slovenia), he was the principle flautist of the Slovenian National Radio Symphony Orchestra and winner of numerous awards and national competitions. He has an intense chamber and concert schedule as a soloist in Slovenia, Europe, USA and Asia.<br \/>\n<a href=\"http:\/\/www.matejzupan.com\" rel=\"noopener\" target=\"_blank\">www.matejzupan.com<\/a><\/p>\n<p>[\/et_pb_team_member][\/et_pb_column][\/et_pb_row][\/et_pb_section][et_pb_section bb_built=&#8221;1&#8243; specialty=&#8221;off&#8221; prev_background_color=&#8221;#000000&#8243; next_background_color=&#8221;#000000&#8243; _builder_version=&#8221;3.15&#8243; max_width_last_edited=&#8221;off|phone&#8221; module_alignment=&#8221;center&#8221;][et_pb_row _builder_version=&#8221;3.15&#8243; module_alignment=&#8221;center&#8221;][et_pb_column type=&#8221;4_4&#8243;][et_pb_text admin_label=&#8221;Domenica 7 ottobre&#8221; _builder_version=&#8221;3.15&#8243; module_id=&#8221;domenica&#8221; text_orientation=&#8221;center&#8221;]<\/p>\n<h3>Sunday 7th October<\/h3>\n<p><img loading=\"lazy\" decoding=\"async\" src=\"https:\/\/triesteflute.it\/wp-content\/uploads\/2018\/05\/logo2000_500-300x148.png\" alt=\"2000 flauti 2000 vele\" width=\"300\" height=\"148\" class=\"alignnone size-medium wp-image-510\" srcset=\"https:\/\/triesteflute.it\/wp-content\/uploads\/2018\/05\/logo2000_500-300x148.png 300w, https:\/\/triesteflute.it\/wp-content\/uploads\/2018\/05\/logo2000_500.png 500w\" sizes=\"(max-width: 300px) 100vw, 300px\" \/><br \/>\n<strong>16.00 &#8211; Piazza Unit\u00e0 d\u2019Italia &#8211; VIII Trieste Flute Day<\/strong><br \/>\nDebut performance of original music by Maestro Valter Sivilotti<\/p>\n<blockquote><p><em>&#8220;My composition, conceived and composed for this event, and linked to the territory and to Barcolana, highlights the great expressive and colouristic potential of the great flute ensemble: all potential of the timbre is explored, generating an imposing flow, a vortex of air and sound, always supported by the obstinate rhythms of the percussion instruments. The listener, immersed in this sea of sound, will be able to recognise the 6 popular songs dedicated to the city of Trieste.&#8221;<\/em><\/p><\/blockquote>\n<p>[\/et_pb_text][et_pb_team_member admin_label=&#8221;Valter Sivilotti&#8221; _builder_version=&#8221;3.15&#8243; name=&#8221;Valter Sivilotti&#8221; text_orientation=&#8221;left&#8221; header_text_align=&#8221;left&#8221; body_text_align=&#8221;left&#8221; module_alignment=&#8221;center&#8221; image_url=&#8221;https:\/\/triesteflute.it\/wp-content\/uploads\/2018\/09\/Sivilotti.jpg&#8221; max_width_last_edited=&#8221;on|desktop&#8221;]<\/p>\n<p>Pianist, composer and conductor, amongst the most acclaimed of his generation, Valter Sivilotti has worked in writing and arranging for the most famous artists in the world of songwriting. His shows and music appear on the billboards of the major orchestras and theatres around the world, including Teatro Verdi in Trieste, Teatro Massimo in Palermo, Teatro La Fenice in Venice, Teatro Comunale in Bologna, Zagreb Philharmonic, Toscanini in Parma, G\u00f6ttinghem Symphony, the Polish Baltic Philharmonic. Russian Philharmonic. He wrote the original music for the theatre show La variante di Luneburg with Milva, W. Mramor and P. Maurensig, the Musical Civile Magazzino 18 with S. Cristicchi and A. Calenda, and the project Carmina Balcanica commissioned by the Mittelfest and debuted in Cividale on the opening night of the 2015 Festival.<\/p>\n<p>[\/et_pb_team_member][\/et_pb_column][\/et_pb_row][et_pb_row][et_pb_column type=&#8221;4_4&#8243;][et_pb_text admin_label=&#8221;I direttori&#8221; _builder_version=&#8221;3.15&#8243;]<\/p>\n<h3>The conductors<\/h3>\n<p>[\/et_pb_text][\/et_pb_column][\/et_pb_row][et_pb_row][et_pb_column type=&#8221;1_5&#8243;][et_pb_image admin_label=&#8221;Fulvio Dose&#8221; _builder_version=&#8221;3.15&#8243; src=&#8221;https:\/\/triesteflute.it\/wp-content\/uploads\/2018\/09\/Fulvio-Dose.jpg&#8221; alt=&#8221;Fulvio Dose&#8221; title_text=&#8221;Fulvio Dose&#8221; show_bottom_space=&#8221;off&#8221; \/][et_pb_text admin_label=&#8221;Fulvio Dose&#8221; _builder_version=&#8221;3.15&#8243; text_orientation=&#8221;center&#8221;]<\/p>\n<p>Fulvio Dose<\/p>\n<p>[\/et_pb_text][\/et_pb_column][et_pb_column type=&#8221;1_5&#8243;][et_pb_image admin_label=&#8221;Matteo Firmi&#8221; _builder_version=&#8221;3.15&#8243; src=&#8221;https:\/\/triesteflute.it\/wp-content\/uploads\/2018\/09\/Matteo-Firmi.jpg&#8221; alt=&#8221;Matteo Firmi&#8221; title_text=&#8221;Matteo Firmi&#8221; show_bottom_space=&#8221;off&#8221; \/][et_pb_text admin_label=&#8221;Matteo Firmi&#8221; _builder_version=&#8221;3.15&#8243; text_orientation=&#8221;center&#8221;]<\/p>\n<p>Matteo Firmi<\/p>\n<p>[\/et_pb_text][\/et_pb_column][et_pb_column type=&#8221;1_5&#8243;][et_pb_image admin_label=&#8221;Paolo Frizzarin&#8221; _builder_version=&#8221;3.15&#8243; src=&#8221;https:\/\/triesteflute.it\/wp-content\/uploads\/2018\/09\/Paolo-Frizzarin.jpg&#8221; alt=&#8221;Paolo Frizzarin&#8221; title_text=&#8221;Paolo Frizzarin&#8221; show_bottom_space=&#8221;off&#8221; \/][et_pb_text admin_label=&#8221;Paolo Frizzarin&#8221; _builder_version=&#8221;3.15&#8243; text_orientation=&#8221;center&#8221;]<\/p>\n<p>Paolo Frizzarin<\/p>\n<p>[\/et_pb_text][\/et_pb_column][et_pb_column type=&#8221;1_5&#8243;][et_pb_image admin_label=&#8221;Roberto Folla&#8221; _builder_version=&#8221;3.15&#8243; src=&#8221;https:\/\/triesteflute.it\/wp-content\/uploads\/2018\/09\/Roberto-Folla.jpg&#8221; alt=&#8221;Roberto Folla&#8221; title_text=&#8221;Roberto Folla&#8221; show_bottom_space=&#8221;off&#8221; align=&#8221;center&#8221; \/][et_pb_text admin_label=&#8221;Roberto Folla&#8221; _builder_version=&#8221;3.15&#8243; text_orientation=&#8221;center&#8221;]<\/p>\n<p>Roberto Folla<\/p>\n<p>[\/et_pb_text][\/et_pb_column][et_pb_column type=&#8221;1_5&#8243;][et_pb_image admin_label=&#8221;Patrick Quaggiato&#8221; _builder_version=&#8221;3.15&#8243; src=&#8221;https:\/\/triesteflute.it\/wp-content\/uploads\/2018\/09\/Patrick-Quaggiato.jpg&#8221; alt=&#8221;Patrick Quaggiato&#8221; title_text=&#8221;Patrick Quaggiato&#8221; show_bottom_space=&#8221;off&#8221; \/][et_pb_text admin_label=&#8221;Patrick Quaggiato&#8221; _builder_version=&#8221;3.15&#8243; text_orientation=&#8221;center&#8221;]<\/p>\n<p>Patrick Quaggiato<\/p>\n<p>[\/et_pb_text][\/et_pb_column][\/et_pb_row][et_pb_row][et_pb_column type=&#8221;1_5&#8243;][et_pb_image admin_label=&#8221;Toma\u017e \u0160kamperle&#8221; _builder_version=&#8221;3.15&#8243; src=&#8221;https:\/\/triesteflute.it\/wp-content\/uploads\/2018\/09\/Toma\u017e-\u0160kamperle.jpg&#8221; alt=&#8221;Toma\u017e \u0160kamperle&#8221; title_text=&#8221;Toma\u017e \u0160kamperle&#8221; show_bottom_space=&#8221;off&#8221; \/][et_pb_text admin_label=&#8221;Toma\u017e \u0160kamperle&#8221; _builder_version=&#8221;3.15&#8243; text_orientation=&#8221;center&#8221;]<\/p>\n<p>Toma\u017e \u0160kamperle<\/p>\n<p>[\/et_pb_text][\/et_pb_column][et_pb_column type=&#8221;1_5&#8243;][et_pb_image admin_label=&#8221;Maurizio Zaccaria&#8221; _builder_version=&#8221;3.15&#8243; src=&#8221;https:\/\/triesteflute.it\/wp-content\/uploads\/2018\/09\/Maurizio-Zaccaria.jpg&#8221; alt=&#8221;Maurizio Zaccaria&#8221; title_text=&#8221;Maurizio Zaccaria&#8221; show_bottom_space=&#8221;off&#8221; \/][et_pb_text admin_label=&#8221;Maurizio Zaccaria&#8221; _builder_version=&#8221;3.15&#8243; text_orientation=&#8221;center&#8221;]<\/p>\n<p>Maurizio Zaccaria<\/p>\n<p>[\/et_pb_text][\/et_pb_column][et_pb_column type=&#8221;1_5&#8243;][\/et_pb_column][et_pb_column type=&#8221;1_5&#8243;][\/et_pb_column][et_pb_column type=&#8221;1_5&#8243;][\/et_pb_column][\/et_pb_row][\/et_pb_section][et_pb_section bb_built=&#8221;1&#8243; specialty=&#8221;off&#8221; _builder_version=&#8221;3.15&#8243; next_background_color=&#8221;#000000&#8243; prev_background_color=&#8221;#000000&#8243;][et_pb_row _builder_version=&#8221;3.0.106&#8243; make_equal=&#8221;on&#8221;][et_pb_column type=&#8221;1_3&#8243;][et_pb_blurb admin_label=&#8221;Trieste Flute Ensemble&#8221; _builder_version=&#8221;3.15&#8243; title=&#8221;Trieste Flute Ensemble&#8221; use_icon=&#8221;on&#8221; use_icon_font_size=&#8221;on&#8221; font_icon=&#8221;%%262%%&#8221; icon_font_size=&#8221;40px&#8221; text_orientation=&#8221;center&#8221; animation=&#8221;off&#8221;]<\/p>\n<p>The Trieste Flute Ensemble is an orchestra of flutes only. It has been active since 2005, and it is one of the first professional Flute Ensembles in Europe.<\/p>\n<p>[\/et_pb_blurb][et_pb_button admin_label=&#8221;Pulsante Scopri di pi\u00f9&#8221; _builder_version=&#8221;3.15&#8243; button_text=&#8221;Discover more&#8221; button_url=&#8221;https:\/\/triesteflute.it\/trieste-flute-ensemble\/&#8221; button_alignment=&#8221;center&#8221; custom_button=&#8221;on&#8221; button_text_size=&#8221;16&#8243; \/][\/et_pb_column][et_pb_column type=&#8221;1_3&#8243;][et_pb_blurb admin_label=&#8221;Trieste Flute Association&#8221; _builder_version=&#8221;3.15&#8243; title=&#8221;Trieste Flute Association&#8221; use_icon=&#8221;on&#8221; use_icon_font_size=&#8221;on&#8221; font_icon=&#8221;%%305%%&#8221; icon_font_size=&#8221;40px&#8221; text_orientation=&#8221;center&#8221; animation=&#8221;off&#8221;]<\/p>\n<p>The association was founded in 2009 with the aim of making the flute better known by organising concerts, musical events, courses, exchanges and cultural initiatives.<\/p>\n<p>[\/et_pb_blurb][et_pb_button admin_label=&#8221;Pulsante Scopri di pi\u00f9&#8221; _builder_version=&#8221;3.15&#8243; button_text=&#8221;Discover more&#8221; button_url=&#8221;https:\/\/triesteflute.it\/trieste-flute-association\/&#8221; button_alignment=&#8221;center&#8221; custom_button=&#8221;on&#8221; button_text_size=&#8221;16&#8243; \/][\/et_pb_column][et_pb_column type=&#8221;1_3&#8243;][et_pb_blurb admin_label=&#8221;Il Presidente Onorario&#8221; _builder_version=&#8221;3.15&#8243; title=&#8221;The Honorary President&#8221; use_icon=&#8221;on&#8221; use_icon_font_size=&#8221;on&#8221; font_icon=&#8221;%%258%%&#8221; icon_font_size=&#8221;40px&#8221; text_orientation=&#8221;center&#8221; animation=&#8221;off&#8221;]<\/p>\n<p>Our Founding Partner and Artistic Director is Maestro Giorgio Blasco, a well-known flautist and musician from Trieste, as well as a teacher, book author and composer.<\/p>\n<p>[\/et_pb_blurb][et_pb_button admin_label=&#8221;Pulsante Scopri di pi\u00f9&#8221; _builder_version=&#8221;3.15&#8243; button_text=&#8221;Discover more&#8221; button_url=&#8221;https:\/\/triesteflute.it\/il-presidente-onorario\/&#8221; button_alignment=&#8221;center&#8221; custom_button=&#8221;on&#8221; button_text_size=&#8221;16&#8243; \/][\/et_pb_column][\/et_pb_row][\/et_pb_section][et_pb_section bb_built=&#8221;1&#8243; specialty=&#8221;off&#8221; prev_background_color=&#8221;#000000&#8243; next_background_color=&#8221;#000000&#8243; _builder_version=&#8221;3.15&#8243; max_width_last_edited=&#8221;off|desktop&#8221; module_alignment=&#8221;center&#8221; module_id=&#8221;programma&#8221;][et_pb_row _builder_version=&#8221;3.15&#8243;][et_pb_column type=&#8221;4_4&#8243;][et_pb_button admin_label=&#8221;vieni a suonare con noi!&#8221; _builder_version=&#8221;3.15&#8243; button_text=&#8221;come to play with us!&#8221; button_url=&#8221;#iscriviti&#8221; button_alignment=&#8221;center&#8221; custom_button=&#8221;on&#8221; button_bg_color=&#8221;#ffd700&#8243; button_icon=&#8221;%%1%%&#8221; button_font=&#8221;|||on|||||&#8221; saved_tabs=&#8221;all&#8221; \/][et_pb_cta admin_label=&#8221;Call-To-Action Dona EN&#8221; _builder_version=&#8221;3.15&#8243; title=&#8221;Help us to make this show happen&#8221; button_text=&#8221;Discover how to help&#8221; background_color=&#8221;#0096cc&#8221; button_url=&#8221;https:\/\/www.gofundme.com\/2000flauti2000vele&#8221; url_new_window=&#8221;on&#8221; max_width=&#8221;50%&#8221; module_alignment=&#8221;center&#8221; max_width_tablet=&#8221;100%&#8221; max_width_last_edited=&#8221;on|phone&#8221; custom_button=&#8221;on&#8221; button_font=&#8221;|||on|||||&#8221; button_bg_color_hover=&#8221;#ffd700&#8243; button_bg_color=&#8221;#ffd700&#8243; text_orientation=&#8221;left&#8221; saved_tabs=&#8221;all&#8221; global_module=&#8221;1443&#8243;]<\/p>\n<p>To promote the knowledge, study and repertory of the flute, we will compete for the Guinness World Record of the largest flute ensemble ever to have played!<\/p>\n<p>[\/et_pb_cta][\/et_pb_column][\/et_pb_row][\/et_pb_section][et_pb_section bb_built=&#8221;1&#8243; specialty=&#8221;off&#8221; prev_background_color=&#8221;#000000&#8243; next_background_color=&#8221;#1cbbee&#8221; _builder_version=&#8221;3.15&#8243; global_module=&#8221;1450&#8243;][et_pb_row global_parent=&#8221;1450&#8243; _builder_version=&#8221;3.11.1&#8243;][et_pb_column type=&#8221;1_4&#8243;][et_pb_image admin_label=&#8221;Le Fondazioni Casali&#8221; global_parent=&#8221;1450&#8243; _builder_version=&#8221;3.3.1&#8243; src=&#8221;https:\/\/triesteflute.it\/wp-content\/uploads\/2018\/05\/logoFondazioneCasali.png&#8221; url=&#8221;http:\/\/www.fondazionicasali.it\/&#8221; url_new_window=&#8221;on&#8221; alt=&#8221;Le Fondazioni Casali&#8221; title_text=&#8221;Le Fondazioni Casali&#8221; \/][\/et_pb_column][et_pb_column type=&#8221;1_4&#8243;][et_pb_image admin_label=&#8221;Briccialdi&#8221; global_parent=&#8221;1450&#8243; _builder_version=&#8221;3.11.1&#8243; src=&#8221;https:\/\/triesteflute.it\/wp-content\/uploads\/2018\/08\/Briccialdi.png&#8221; url=&#8221;http:\/\/www.briccialdi.it&#8221; url_new_window=&#8221;on&#8221; alt=&#8221;Briccialdi Flauti&#8221; title_text=&#8221;Briccialdi Flauti&#8221; align=&#8221;center&#8221; \/][\/et_pb_column][et_pb_column type=&#8221;1_4&#8243;][et_pb_image admin_label=&#8221;Orion Valves&#8221; global_parent=&#8221;1450&#8243; _builder_version=&#8221;3.11.1&#8243; src=&#8221;https:\/\/triesteflute.it\/wp-content\/uploads\/2018\/08\/orionValves.png&#8221; url=&#8221;http:\/\/www.orionvalves.com\/&#8221; url_new_window=&#8221;on&#8221; alt=&#8221;Orion Valves&#8221; title_text=&#8221;Orion Valves&#8221; align=&#8221;center&#8221; \/][\/et_pb_column][et_pb_column type=&#8221;1_4&#8243;][et_pb_image admin_label=&#8221;Graphics art group&#8221; global_parent=&#8221;1450&#8243; _builder_version=&#8221;3.15&#8243; src=&#8221;https:\/\/triesteflute.it\/wp-content\/uploads\/2018\/09\/Graphics.png&#8221; url=&#8221;http:\/\/www.artgrouponline.it&#8221; align=&#8221;center&#8221; alt=&#8221;Graphics art group&#8221; title_text=&#8221;Graphics art group&#8221; url_new_window=&#8221;on&#8221; \/][\/et_pb_column][\/et_pb_row][et_pb_row global_parent=&#8221;1450&#8243; background_position=&#8221;top_left&#8221; background_repeat=&#8221;repeat&#8221; background_size=&#8221;initial&#8221;][et_pb_column type=&#8221;4_4&#8243;][et_pb_text global_parent=&#8221;1450&#8243; _builder_version=&#8221;3.8.1&#8243;]<\/p>\n<p>Con il patrocinio di:<\/p>\n<p>[\/et_pb_text][\/et_pb_column][\/et_pb_row][et_pb_row global_parent=&#8221;1450&#8243; background_position=&#8221;top_left&#8221; background_repeat=&#8221;repeat&#8221; background_size=&#8221;initial&#8221;][et_pb_column type=&#8221;1_4&#8243;][et_pb_image admin_label=&#8221;ANBIMA&#8221; global_parent=&#8221;1450&#8243; _builder_version=&#8221;3.8.1&#8243; src=&#8221;https:\/\/triesteflute.it\/wp-content\/uploads\/2018\/07\/ANBIMAnazionale_70.png&#8221; url=&#8221;http:\/\/www.anbima.it\/&#8221; url_new_window=&#8221;on&#8221; alt=&#8221;Associazione Nazionale delle Bande Italiane Musicali Autonome&#8221; title_text=&#8221;Associazione Nazionale delle Bande Italiane Musicali Autonome&#8221; \/][\/et_pb_column][et_pb_column type=&#8221;1_4&#8243;][et_pb_image admin_label=&#8221;ANBIMA FVG&#8221; global_parent=&#8221;1450&#8243; _builder_version=&#8221;3.8.1&#8243; src=&#8221;https:\/\/triesteflute.it\/wp-content\/uploads\/2018\/06\/logoANBIMA.png&#8221; url=&#8221;https:\/\/www.anbimafvg.it\/&#8221; url_new_window=&#8221;on&#8221; alt=&#8221;ANBIMA Regione FVG&#8221; title_text=&#8221;ANBIMA Regione FVG&#8221; custom_margin=&#8221;30px|||&#8221; \/][\/et_pb_column][et_pb_column type=&#8221;1_4&#8243;][\/et_pb_column][et_pb_column type=&#8221;1_4&#8243;][\/et_pb_column][\/et_pb_row][et_pb_row global_parent=&#8221;1450&#8243; background_position=&#8221;top_left&#8221; background_repeat=&#8221;repeat&#8221; background_size=&#8221;initial&#8221;][et_pb_column type=&#8221;4_4&#8243;][et_pb_text admin_label=&#8221;Partners:&#8221; global_parent=&#8221;1450&#8243; _builder_version=&#8221;3.14&#8243;]<\/p>\n<p>Partners:<\/p>\n<p>[\/et_pb_text][\/et_pb_column][\/et_pb_row][et_pb_row global_parent=&#8221;1450&#8243; _builder_version=&#8221;3.14&#8243;][et_pb_column type=&#8221;1_5&#8243;][et_pb_image admin_label=&#8221;Accademia Musicale G. Verdi Venezia&#8221; global_parent=&#8221;1450&#8243; _builder_version=&#8221;3.14&#8243; src=&#8221;https:\/\/triesteflute.it\/wp-content\/uploads\/2018\/09\/Accademia-Musicale-Giuseppe-Verdi.png&#8221; url=&#8221;http:\/\/www.scuoladimusicagiuseppeverdi.it\/&#8221; url_new_window=&#8221;on&#8221; alt=&#8221;Accademia Musicale G. Verdi Venezia&#8221; title_text=&#8221;Accademia Musicale G. Verdi Venezia&#8221; \/][\/et_pb_column][et_pb_column type=&#8221;1_5&#8243;][et_pb_image admin_label=&#8221;M@T Musica a Traverso&#8221; global_parent=&#8221;1450&#8243; _builder_version=&#8221;3.14&#8243; src=&#8221;https:\/\/triesteflute.it\/wp-content\/uploads\/2018\/09\/Musica-a-Traverso.png&#8221; url=&#8221;https:\/\/musicaatraverso.wordpress.com\/&#8221; url_new_window=&#8221;on&#8221; alt=&#8221;M@T Musica a Traverso&#8221; title_text=&#8221;M@T Musica a Traverso&#8221; \/][\/et_pb_column][et_pb_column type=&#8221;1_5&#8243;][et_pb_text admin_label=&#8221;Liceo Musicale Carducci &#8211; Dante&#8221; global_parent=&#8221;1450&#8243; _builder_version=&#8221;3.14&#8243; text_orientation=&#8221;center&#8221;]<\/p>\n<p>Liceo Musicale<br \/><a href=\"http:\/\/www.carducci-ts.it\/liceo_musicale\/index_musicale.html\" rel=\"noopener\" target=\"_blank\">Carducci &#8211; Dante<\/a><br \/>Trieste<\/p>\n<p>[\/et_pb_text][\/et_pb_column][et_pb_column type=&#8221;1_5&#8243;][\/et_pb_column][et_pb_column type=&#8221;1_5&#8243;][\/et_pb_column][\/et_pb_row][et_pb_row global_parent=&#8221;1450&#8243; background_position=&#8221;top_left&#8221; background_repeat=&#8221;repeat&#8221; background_size=&#8221;initial&#8221;][et_pb_column type=&#8221;4_4&#8243;][et_pb_text admin_label=&#8221;Thanks for collaboration:&#8221; global_parent=&#8221;1450&#8243; _builder_version=&#8221;3.15&#8243;]<\/p>\n<p>Thanks for collaboration:<\/p>\n<p>[\/et_pb_text][\/et_pb_column][\/et_pb_row][et_pb_row global_parent=&#8221;1450&#8243; _builder_version=&#8221;3.15&#8243;][et_pb_column type=&#8221;1_6&#8243;][et_pb_image admin_label=&#8221;Amici Giovent\u00f9 Musicale&#8221; global_parent=&#8221;1450&#8243; _builder_version=&#8221;3.15&#8243; src=&#8221;https:\/\/triesteflute.it\/wp-content\/uploads\/2018\/09\/amici-gioventu-musicale.png&#8221; alt=&#8221;Amici Giovent\u00f9 Musicale&#8221; title_text=&#8221;Amici Giovent\u00f9 Musicale&#8221; url=&#8221;http:\/\/www.amicigioventumusicaletrieste.org\/&#8221; url_new_window=&#8221;on&#8221; \/][\/et_pb_column][et_pb_column type=&#8221;1_6&#8243;][et_pb_image admin_label=&#8221;Ars Nova&#8221; global_parent=&#8221;1450&#8243; _builder_version=&#8221;3.15&#8243; src=&#8221;https:\/\/triesteflute.it\/wp-content\/uploads\/2018\/09\/ars-nova.png&#8221; url=&#8221;https:\/\/www.arsnovatrieste.it&#8221; alt=&#8221;Ars Nova&#8221; title_text=&#8221;Ars Nova&#8221; url_new_window=&#8221;on&#8221; \/][\/et_pb_column][et_pb_column type=&#8221;1_6&#8243;][et_pb_image admin_label=&#8221;Complesso Bandistico Arcobaleno&#8221; global_parent=&#8221;1450&#8243; _builder_version=&#8221;3.15&#8243; src=&#8221;https:\/\/triesteflute.it\/wp-content\/uploads\/2018\/09\/Complesso-Bandistico-Arcobaleno.png&#8221; alt=&#8221;Complesso Bandistico Arcobaleno&#8221; title_text=&#8221;Complesso Bandistico Arcobaleno&#8221; url=&#8221;https:\/\/www.bandaarcobaleno.it\/&#8221; url_new_window=&#8221;on&#8221; \/][\/et_pb_column][et_pb_column type=&#8221;1_6&#8243;][et_pb_image admin_label=&#8221;Scuola di Musica 55 Casa della Musica&#8221; global_parent=&#8221;1450&#8243; _builder_version=&#8221;3.15&#8243; src=&#8221;https:\/\/triesteflute.it\/wp-content\/uploads\/2018\/09\/Casa-della-Musica.png&#8221; alt=&#8221;Scuola di Musica 55 Casa della Musica&#8221; title_text=&#8221;Scuola di Musica 55 Casa della Musica&#8221; url=&#8221;https:\/\/www.scuoladimusica55.it\/&#8221; url_new_window=&#8221;on&#8221; \/][\/et_pb_column][et_pb_column type=&#8221;1_6&#8243;][et_pb_image admin_label=&#8221;Coro OndeMedie&#8221; global_parent=&#8221;1450&#8243; _builder_version=&#8221;3.15&#8243; src=&#8221;https:\/\/triesteflute.it\/wp-content\/uploads\/2018\/09\/Logo-OndeMedie.png&#8221; alt=&#8221;Coro OndeMedie&#8221; title_text=&#8221;Coro OndeMedie&#8221; \/][\/et_pb_column][et_pb_column type=&#8221;1_6&#8243;][et_pb_image admin_label=&#8221;Esyo&#8221; global_parent=&#8221;1450&#8243; _builder_version=&#8221;3.15&#8243; src=&#8221;https:\/\/triesteflute.it\/wp-content\/uploads\/2018\/09\/esyo_mini.png&#8221; url=&#8221;http:\/\/esyo.eu\/&#8221; url_new_window=&#8221;on&#8221; \/][\/et_pb_column][\/et_pb_row][et_pb_row global_parent=&#8221;1450&#8243; background_position=&#8221;top_left&#8221; background_repeat=&#8221;repeat&#8221; background_size=&#8221;initial&#8221;][et_pb_column type=&#8221;1_6&#8243;][et_pb_image admin_label=&#8221;Mirodata&#8221; global_parent=&#8221;1450&#8243; _builder_version=&#8221;3.15&#8243; src=&#8221;https:\/\/triesteflute.it\/wp-content\/uploads\/2018\/09\/Mirodata.png&#8221; url=&#8221;https:\/\/mirodata.it\/&#8221; url_new_window=&#8221;on&#8221; align=&#8221;center&#8221; \/][\/et_pb_column][et_pb_column type=&#8221;1_6&#8243;][\/et_pb_column][et_pb_column type=&#8221;1_6&#8243;][\/et_pb_column][et_pb_column type=&#8221;1_6&#8243;][\/et_pb_column][et_pb_column type=&#8221;1_6&#8243;][\/et_pb_column][et_pb_column type=&#8221;1_6&#8243;][\/et_pb_column][\/et_pb_row][\/et_pb_section][et_pb_section bb_built=&#8221;1&#8243; specialty=&#8221;off&#8221; prev_background_color=&#8221;#ffffff&#8221; _builder_version=&#8221;3.15&#8243; background_color_gradient_start=&#8221;#ffffff&#8221; background_color_gradient_end=&#8221;#ffd700&#8243; background_color_gradient_type=&#8221;radial&#8221; background_color=&#8221;#1cbbee&#8221; module_id=&#8221;iscriviti&#8221; top_divider_style=&#8221;wave2&#8243; custom_margin=&#8221;50px|||&#8221; global_module=&#8221;1442&#8243;][et_pb_row global_parent=&#8221;1442&#8243; _builder_version=&#8221;3.2.1&#8243; custom_padding=&#8221;100px|||&#8221; bg_img_2=&#8221;https:\/\/triesteflute.it\/wp-content\/uploads\/2018\/05\/logo2000_nero300.png&#8221; make_equal=&#8221;on&#8221; background_size_2=&#8221;contain&#8221; background_repeat_2=&#8221;no-repeat&#8221; background_position_2=&#8221;top_right&#8221;][et_pb_column type=&#8221;3_4&#8243;][et_pb_text admin_label=&#8221;Tutti i partecipanti riceveranno&#8221; global_parent=&#8221;1442&#8243; _builder_version=&#8221;3.4.1&#8243; text_font_size_last_edited=&#8221;on|desktop&#8221; text_text_color=&#8221;#000000&#8243; header_3_font=&#8221;|700|||||||&#8221; header_3_text_color=&#8221;#0096cc&#8221; link_text_color=&#8221;#000000&#8243;]<\/p>\n<p><strong>Registration for the event is free.<\/strong>.<br \/>\nThe parts of the 2000 flute orchestra, which are simple, are already available; to obtain them and to decide the divisions, sign up for the event.<br \/>\nAll participants will receive a <strong>diploma of participation<\/strong> and gadgets.<\/p>\n<p>You can sign up individually or register your group, your school or your class.<br \/>\nFor more information or registration, write us an e-mail by filling out the form.<\/p>\n<p>[\/et_pb_text][\/et_pb_column][et_pb_column type=&#8221;1_4&#8243;][\/et_pb_column][\/et_pb_row][et_pb_row global_parent=&#8221;1442&#8243; _builder_version=&#8221;3.2&#8243;][et_pb_column type=&#8221;4_4&#8243;][et_pb_contact_form global_parent=&#8221;1442&#8243; _builder_version=&#8221;3.14&#8243; title=&#8221;For information or registration&#8221; email=&#8221;2000flauti2000vele@triesteflute.it&#8221; custom_button=&#8221;on&#8221; button_bg_color=&#8221;#ffd700&#8243; button_font=&#8221;|||on|||||&#8221; success_message=&#8221; thank you for writing, we will reply as soon as possible&#8221; submit_button_text=&#8221;Send the message &#8221; button_text_size=&#8221;16&#8243; saved_tabs=&#8221;all&#8221; form_field_text_color=&#8221;#000000&#8243;][et_pb_contact_field field_title=&#8221;Name&#8221; field_type=&#8221;input&#8221; field_id=&#8221;Name&#8221; required_mark=&#8221;on&#8221; fullwidth_field=&#8221;off&#8221; _builder_version=&#8221;3.14&#8243; checkbox_checked=&#8221;off&#8221; checkbox_options=&#8221;%91{%22value%22:%22Nome%22,%22checked%22:0}%93&#8243; radio_options=&#8221;%91{%22value%22:%22Nome%22,%22checked%22:0}%93&#8243; select_options=&#8221;%91{%22value%22:%22Nome%22,%22checked%22:0}%93&#8243; min_length=&#8221;0&#8243; max_length=&#8221;0&#8243; allowed_symbols=&#8221;all&#8221; conditional_logic=&#8221;off&#8221; conditional_logic_relation=&#8221;off&#8221; conditional_logic_rules=&#8221;%91{%22field%22:%22email%22,%22condition%22:%22is%22,%22value%22:%22%22}%93&#8243; use_background_color_gradient=&#8221;off&#8221; background_color_gradient_start=&#8221;#2b87da&#8221; background_color_gradient_end=&#8221;#29c4a9&#8243; background_color_gradient_type=&#8221;linear&#8221; background_color_gradient_direction=&#8221;180deg&#8221; background_color_gradient_direction_radial=&#8221;center&#8221; background_color_gradient_start_position=&#8221;0%&#8221; background_color_gradient_end_position=&#8221;100%&#8221; background_color_gradient_overlays_image=&#8221;off&#8221; parallax=&#8221;off&#8221; parallax_method=&#8221;on&#8221; background_size=&#8221;cover&#8221; background_position=&#8221;center&#8221; background_repeat=&#8221;no-repeat&#8221; background_blend=&#8221;normal&#8221; allow_player_pause=&#8221;off&#8221; background_video_pause_outside_viewport=&#8221;on&#8221; form_field_text_shadow_style=&#8221;none&#8221; box_shadow_style=&#8221;none&#8221; form_field_text_shadow_horizontal_length=&#8221;0em&#8221; form_field_text_shadow_vertical_length=&#8221;0em&#8221; form_field_text_shadow_blur_strength=&#8221;0em&#8221; \/][et_pb_contact_field _builder_version=&#8221;3.14&#8243; field_id=&#8221;surname&#8221; field_title=&#8221;Surname&#8221; field_type=&#8221;input&#8221; checkbox_checked=&#8221;off&#8221; checkbox_options=&#8221;%91{%22value%22:%22%22,%22checked%22:0}%93&#8243; radio_options=&#8221;%91{%22value%22:%22%22,%22checked%22:0}%93&#8243; select_options=&#8221;%91{%22value%22:%22%22,%22checked%22:0}%93&#8243; min_length=&#8221;0&#8243; max_length=&#8221;0&#8243; allowed_symbols=&#8221;all&#8221; required_mark=&#8221;on&#8221; conditional_logic=&#8221;off&#8221; conditional_logic_relation=&#8221;off&#8221; conditional_logic_rules=&#8221;%91{%22field%22:%22name%22,%22condition%22:%22is%22,%22value%22:%22%22}%93&#8243; use_background_color_gradient=&#8221;off&#8221; background_color_gradient_start=&#8221;#2b87da&#8221; background_color_gradient_end=&#8221;#29c4a9&#8243; background_color_gradient_type=&#8221;linear&#8221; background_color_gradient_direction=&#8221;180deg&#8221; background_color_gradient_direction_radial=&#8221;center&#8221; background_color_gradient_start_position=&#8221;0%&#8221; background_color_gradient_end_position=&#8221;100%&#8221; background_color_gradient_overlays_image=&#8221;off&#8221; parallax=&#8221;off&#8221; parallax_method=&#8221;on&#8221; background_size=&#8221;cover&#8221; background_position=&#8221;center&#8221; background_repeat=&#8221;no-repeat&#8221; background_blend=&#8221;normal&#8221; allow_player_pause=&#8221;off&#8221; background_video_pause_outside_viewport=&#8221;on&#8221; fullwidth_field=&#8221;off&#8221; form_field_text_shadow_style=&#8221;none&#8221; box_shadow_style=&#8221;none&#8221; form_field_text_shadow_horizontal_length=&#8221;0em&#8221; form_field_text_shadow_vertical_length=&#8221;0em&#8221; form_field_text_shadow_blur_strength=&#8221;0em&#8221; \/][et_pb_contact_field _builder_version=&#8221;3.14&#8243; field_id=&#8221;telephone&#8221; field_title=&#8221;Telephone&#8221; field_type=&#8221;input&#8221; checkbox_checked=&#8221;off&#8221; checkbox_options=&#8221;%91{%22value%22:%22%22,%22checked%22:0}%93&#8243; radio_options=&#8221;%91{%22value%22:%22%22,%22checked%22:0}%93&#8243; select_options=&#8221;%91{%22value%22:%22%22,%22checked%22:0}%93&#8243; min_length=&#8221;0&#8243; max_length=&#8221;0&#8243; allowed_symbols=&#8221;all&#8221; required_mark=&#8221;on&#8221; conditional_logic=&#8221;off&#8221; conditional_logic_relation=&#8221;off&#8221; conditional_logic_rules=&#8221;%91{%22field%22:%22name%22,%22condition%22:%22is%22,%22value%22:%22%22}%93&#8243; use_background_color_gradient=&#8221;off&#8221; background_color_gradient_start=&#8221;#2b87da&#8221; background_color_gradient_end=&#8221;#29c4a9&#8243; background_color_gradient_type=&#8221;linear&#8221; background_color_gradient_direction=&#8221;180deg&#8221; background_color_gradient_direction_radial=&#8221;center&#8221; background_color_gradient_start_position=&#8221;0%&#8221; background_color_gradient_end_position=&#8221;100%&#8221; background_color_gradient_overlays_image=&#8221;off&#8221; parallax=&#8221;off&#8221; parallax_method=&#8221;on&#8221; background_size=&#8221;cover&#8221; background_position=&#8221;center&#8221; background_repeat=&#8221;no-repeat&#8221; background_blend=&#8221;normal&#8221; allow_player_pause=&#8221;off&#8221; background_video_pause_outside_viewport=&#8221;on&#8221; fullwidth_field=&#8221;off&#8221; form_field_text_shadow_style=&#8221;none&#8221; box_shadow_style=&#8221;none&#8221; form_field_text_shadow_horizontal_length=&#8221;0em&#8221; form_field_text_shadow_vertical_length=&#8221;0em&#8221; form_field_text_shadow_blur_strength=&#8221;0em&#8221; \/][et_pb_contact_field field_title=&#8221;E-mail address&#8221; field_type=&#8221;email&#8221; field_id=&#8221;Email&#8221; required_mark=&#8221;on&#8221; fullwidth_field=&#8221;off&#8221; _builder_version=&#8221;3.14&#8243; checkbox_checked=&#8221;off&#8221; checkbox_options=&#8221;%91{%22value%22:%22Indirizzo e-mail%22,%22checked%22:0}%93&#8243; radio_options=&#8221;%91{%22value%22:%22Indirizzo e-mail%22,%22checked%22:0}%93&#8243; select_options=&#8221;%91{%22value%22:%22Indirizzo e-mail%22,%22checked%22:0}%93&#8243; min_length=&#8221;0&#8243; max_length=&#8221;0&#8243; allowed_symbols=&#8221;all&#8221; conditional_logic=&#8221;off&#8221; conditional_logic_relation=&#8221;off&#8221; conditional_logic_rules=&#8221;%91{%22field%22:%22name%22,%22condition%22:%22is%22,%22value%22:%22%22}%93&#8243; use_background_color_gradient=&#8221;off&#8221; background_color_gradient_start=&#8221;#2b87da&#8221; background_color_gradient_end=&#8221;#29c4a9&#8243; background_color_gradient_type=&#8221;linear&#8221; background_color_gradient_direction=&#8221;180deg&#8221; background_color_gradient_direction_radial=&#8221;center&#8221; background_color_gradient_start_position=&#8221;0%&#8221; background_color_gradient_end_position=&#8221;100%&#8221; background_color_gradient_overlays_image=&#8221;off&#8221; parallax=&#8221;off&#8221; parallax_method=&#8221;on&#8221; background_size=&#8221;cover&#8221; background_position=&#8221;center&#8221; background_repeat=&#8221;no-repeat&#8221; background_blend=&#8221;normal&#8221; allow_player_pause=&#8221;off&#8221; background_video_pause_outside_viewport=&#8221;on&#8221; form_field_text_shadow_style=&#8221;none&#8221; box_shadow_style=&#8221;none&#8221; form_field_text_shadow_horizontal_length=&#8221;0em&#8221; form_field_text_shadow_vertical_length=&#8221;0em&#8221; form_field_text_shadow_blur_strength=&#8221;0em&#8221; \/][et_pb_contact_field field_title=&#8221;Message&#8221; field_type=&#8221;text&#8221; field_id=&#8221;Message&#8221; required_mark=&#8221;on&#8221; fullwidth_field=&#8221;off&#8221; _builder_version=&#8221;3.14&#8243; checkbox_checked=&#8221;off&#8221; checkbox_options=&#8221;%91{%22value%22:%22Messaggio%22,%22checked%22:0}%93&#8243; radio_options=&#8221;%91{%22value%22:%22Messaggio%22,%22checked%22:0}%93&#8243; select_options=&#8221;%91{%22value%22:%22Messaggio%22,%22checked%22:0}%93&#8243; min_length=&#8221;0&#8243; max_length=&#8221;0&#8243; allowed_symbols=&#8221;all&#8221; conditional_logic=&#8221;off&#8221; conditional_logic_relation=&#8221;off&#8221; conditional_logic_rules=&#8221;%91{%22field%22:%22name%22,%22condition%22:%22is%22,%22value%22:%22%22}%93&#8243; use_background_color_gradient=&#8221;off&#8221; background_color_gradient_start=&#8221;#2b87da&#8221; background_color_gradient_end=&#8221;#29c4a9&#8243; background_color_gradient_type=&#8221;linear&#8221; background_color_gradient_direction=&#8221;180deg&#8221; background_color_gradient_direction_radial=&#8221;center&#8221; background_color_gradient_start_position=&#8221;0%&#8221; background_color_gradient_end_position=&#8221;100%&#8221; background_color_gradient_overlays_image=&#8221;off&#8221; parallax=&#8221;off&#8221; parallax_method=&#8221;on&#8221; background_size=&#8221;cover&#8221; background_position=&#8221;center&#8221; background_repeat=&#8221;no-repeat&#8221; background_blend=&#8221;normal&#8221; allow_player_pause=&#8221;off&#8221; background_video_pause_outside_viewport=&#8221;on&#8221; form_field_text_shadow_style=&#8221;none&#8221; box_shadow_style=&#8221;none&#8221; form_field_text_shadow_horizontal_length=&#8221;0em&#8221; form_field_text_shadow_vertical_length=&#8221;0em&#8221; form_field_text_shadow_blur_strength=&#8221;0em&#8221; \/][et_pb_contact_field _builder_version=&#8221;3.14&#8243; field_id=&#8221;Flute_skills&#8221; field_title=&#8221;Flute skills&#8221; field_type=&#8221;radio&#8221; checkbox_checked=&#8221;off&#8221; checkbox_options=&#8221;%91{%22value%22:%22%22,%22checked%22:0}%93&#8243; radio_options=&#8221;%91{%22value%22:%22basic level%22,%22checked%22:0},{%22value%22:%22student level%22,%22checked%22:0},{%22value%22:%22professional player%22,%22checked%22:0}%93&#8243; select_options=&#8221;%91{%22value%22:%22%22,%22checked%22:0}%93&#8243; min_length=&#8221;0&#8243; max_length=&#8221;0&#8243; allowed_symbols=&#8221;all&#8221; required_mark=&#8221;off&#8221; conditional_logic=&#8221;off&#8221; conditional_logic_relation=&#8221;off&#8221; conditional_logic_rules=&#8221;%91{%22field%22:%22name%22,%22condition%22:%22is%22,%22value%22:%22%22}%93&#8243; use_background_color_gradient=&#8221;off&#8221; background_color_gradient_start=&#8221;#2b87da&#8221; background_color_gradient_end=&#8221;#29c4a9&#8243; background_color_gradient_type=&#8221;linear&#8221; background_color_gradient_direction=&#8221;180deg&#8221; background_color_gradient_direction_radial=&#8221;center&#8221; background_color_gradient_start_position=&#8221;0%&#8221; background_color_gradient_end_position=&#8221;100%&#8221; background_color_gradient_overlays_image=&#8221;off&#8221; parallax=&#8221;off&#8221; parallax_method=&#8221;on&#8221; background_size=&#8221;cover&#8221; background_position=&#8221;center&#8221; background_repeat=&#8221;no-repeat&#8221; background_blend=&#8221;normal&#8221; allow_player_pause=&#8221;off&#8221; background_video_pause_outside_viewport=&#8221;on&#8221; fullwidth_field=&#8221;off&#8221; form_field_text_shadow_style=&#8221;none&#8221; box_shadow_style=&#8221;none&#8221; \/][et_pb_contact_field _builder_version=&#8221;3.14&#8243; field_id=&#8221;privacy&#8221; field_title=&#8221;Privacy Policy&#8221; field_type=&#8221;radio&#8221; checkbox_checked=&#8221;off&#8221; checkbox_options=&#8221;%91{%22value%22:%22%22,%22checked%22:0}%93&#8243; select_options=&#8221;%91{%22value%22:%22%22,%22checked%22:0}%93&#8243; min_length=&#8221;0&#8243; max_length=&#8221;0&#8243; allowed_symbols=&#8221;all&#8221; required_mark=&#8221;on&#8221; conditional_logic=&#8221;off&#8221; conditional_logic_relation=&#8221;off&#8221; conditional_logic_rules=&#8221;%91{%22field%22:%22name%22,%22condition%22:%22is%22,%22value%22:%22%22}%93&#8243; use_background_color_gradient=&#8221;off&#8221; background_color_gradient_start=&#8221;#2b87da&#8221; background_color_gradient_end=&#8221;#29c4a9&#8243; background_color_gradient_type=&#8221;linear&#8221; background_color_gradient_direction=&#8221;180deg&#8221; background_color_gradient_direction_radial=&#8221;center&#8221; background_color_gradient_start_position=&#8221;0%&#8221; background_color_gradient_end_position=&#8221;100%&#8221; background_color_gradient_overlays_image=&#8221;off&#8221; parallax=&#8221;off&#8221; parallax_method=&#8221;on&#8221; background_size=&#8221;cover&#8221; background_position=&#8221;center&#8221; background_repeat=&#8221;no-repeat&#8221; background_blend=&#8221;normal&#8221; allow_player_pause=&#8221;off&#8221; background_video_pause_outside_viewport=&#8221;on&#8221; fullwidth_field=&#8221;on&#8221; form_field_text_shadow_style=&#8221;none&#8221; box_shadow_style=&#8221;none&#8221; form_field_text_shadow_horizontal_length=&#8221;0em&#8221; form_field_text_shadow_vertical_length=&#8221;0em&#8221; form_field_text_shadow_blur_strength=&#8221;0em&#8221; radio_options=&#8221;%91{%22value%22:%22Yes, I authorize the Trieste Flute Association to process my data in accordance with current regulations. %22,%22checked%22:0}%93&#8243; \/][\/et_pb_contact_form][et_pb_text global_parent=&#8221;1442&#8243; _builder_version=&#8221;3.4.1&#8243; saved_tabs=&#8221;all&#8221; text_text_color=&#8221;#000000&#8243; link_text_color=&#8221;#000000&#8243;]<\/p>\n<p>Data collected are used in accordance with Italian Legislative Decree no. 196\/03 and EU General Data Protection Regulation (GDPR). For further information or specific requests please contact Trieste Flute Association at the following e-mail address: triesteflute@pec.it.<br \/>\n<br \/>\n<a href=\"https:\/\/triesteflute.it\/trieste-flute\/\"><img loading=\"lazy\" decoding=\"async\" src=\"https:\/\/triesteflute.it\/wp-content\/uploads\/2018\/04\/logo96.png\" alt=\"Trieste Flute Association\" width=\"92\" height=\"95\" class=\"alignright size-full wp-image-112\"><\/a><\/p>\n<p>[\/et_pb_text][\/et_pb_column][\/et_pb_row][\/et_pb_section]<\/p>\n","protected":false},"excerpt":{"rendered":"<p><div class=\"et_pb_row et_pb_row_0 et_pb_row_empty\">\n\t\t\t\t\n\t\t\t\t\n\t\t\t\t\n\t\t\t\t\n\t\t\t\t\n\t\t\t<\/div> download pdf Trieste Flute Ensemble Concert Tour SATURDAY 8th SEPTEMBER 18.00 VILLA MARCELLO ZON \u2013 PREGANZIOL (TREVISO) In collaboration with Accademia G. Verdi di Venezia THURSDAY 27th SEPTEMBER 20.45 CENTRO CIVICO DI TAVAGNACCO (UD) Via della Madonnina, 1 In collaboration with Comune di Tavagnacco, Fondazione Bon e Pro Loco. FRIDAY 28th SEPTEMBER 20.45 ISTITUTO [&hellip;]<\/p>\n","protected":false},"author":1,"featured_media":0,"parent":0,"menu_order":0,"comment_status":"closed","ping_status":"closed","template":"","meta":{"_et_pb_use_builder":"on","_et_pb_old_content":"","_et_gb_content_width":"","footnotes":""},"class_list":["post-1420","page","type-page","status-publish","hentry"],"_links":{"self":[{"href":"https:\/\/triesteflute.it\/en\/wp-json\/wp\/v2\/pages\/1420","targetHints":{"allow":["GET"]}}],"collection":[{"href":"https:\/\/triesteflute.it\/en\/wp-json\/wp\/v2\/pages"}],"about":[{"href":"https:\/\/triesteflute.it\/en\/wp-json\/wp\/v2\/types\/page"}],"author":[{"embeddable":true,"href":"https:\/\/triesteflute.it\/en\/wp-json\/wp\/v2\/users\/1"}],"replies":[{"embeddable":true,"href":"https:\/\/triesteflute.it\/en\/wp-json\/wp\/v2\/comments?post=1420"}],"version-history":[{"count":6,"href":"https:\/\/triesteflute.it\/en\/wp-json\/wp\/v2\/pages\/1420\/revisions"}],"predecessor-version":[{"id":4781,"href":"https:\/\/triesteflute.it\/en\/wp-json\/wp\/v2\/pages\/1420\/revisions\/4781"}],"wp:attachment":[{"href":"https:\/\/triesteflute.it\/en\/wp-json\/wp\/v2\/media?parent=1420"}],"curies":[{"name":"wp","href":"https:\/\/api.w.org\/{rel}","templated":true}]}}